{"id":1331,"date":"2022-12-16T15:50:00","date_gmt":"2022-12-16T18:50:00","guid":{"rendered":"https:\/\/homolog.interatron.com\/?post_type=projetos&#038;p=1331"},"modified":"2024-07-29T11:40:25","modified_gmt":"2024-07-29T14:40:25","slug":"programa-de-desenvolvimento-rural-na-apa-costa-de-itacare-serra-grande-concluido","status":"publish","type":"projetos","link":"https:\/\/florestaviva.org.br\/en\/projetos\/programa-de-desenvolvimento-rural-na-apa-costa-de-itacare-serra-grande-concluido\/","title":{"rendered":"Rural development program in the APA Costa of Itacar\u00e9 - Serra Grande"},"content":{"rendered":"<div data-elementor-type=\"wp-post\" data-elementor-id=\"1331\" class=\"elementor elementor-1331\" data-elementor-post-type=\"projetos\">\n\t\t\t\t\t\t<section class=\"elementor-section elementor-top-section elementor-element elementor-element-9b2f860 elementor-section-boxed elementor-section-height-default elementor-section-height-default\" data-id=\"9b2f860\" data-element_type=\"section\" data-e-type=\"section\">\n\t\t\t\t\t\t<div class=\"elementor-container elementor-column-gap-default\">\n\t\t\t\t\t<div class=\"elementor-column elementor-col-100 elementor-top-column elementor-element elementor-element-dfb9381\" data-id=\"dfb9381\" data-element_type=\"column\" data-e-type=\"column\">\n\t\t\t<div class=\"elementor-widget-wrap elementor-element-populated\">\n\t\t\t\t\t\t<div class=\"elementor-element elementor-element-d75c3c8 elementor-widget elementor-widget-text-editor\" data-id=\"d75c3c8\" data-element_type=\"widget\" data-e-type=\"widget\" data-widget_type=\"text-editor.default\">\n\t\t\t\t<div class=\"elementor-widget-container\">\n\t\t\t\t\t\t\t\t\t<p><span style=\"font-weight: 400;\">Over five years, between 2005 and 2010, Floresta Viva developed two programs aimed at strengthening rural communities living within the territory of this Environmental Protection Area, seeking to disseminate alternatives that generate income without having to cut down the forest, such as sustainable tourism.<\/span><\/p><p><span style=\"font-weight: 400;\">1) With funding from the Ministry of Environment, it carried out an Environmental Demonstration Projects (PDA for its acronym in Portuguese), in which it worked with technical assistance on agroecology and ecotourism in rural communities, in addition to having supported the development of the Itacar\u00e9 organic fair (between 2005 and 2007)<\/span><\/p><p><span style=\"font-weight: 400;\">2) The program, with IDB (Inter-American Development Bank) support, also contributed to improve agronomic production and productive inclusion of rural communities, mainly with the production and sale of organic products. The IFV provided advice for the creation of social associations. One of the main results was the creation of Emba\u00faba (Association of Organic Producers of APA Itacar\u00e9\/Serra Grande), in 2007.<\/span><\/p>\t\t\t\t\t\t\t\t<\/div>\n\t\t\t\t<\/div>\n\t\t\t\t\t<\/div>\n\t\t<\/div>\n\t\t\t\t\t<\/div>\n\t\t<\/section>\n\t\t\t\t<section class=\"elementor-section elementor-top-section elementor-element elementor-element-853fd24 elementor-section-boxed elementor-section-height-default elementor-section-height-default\" data-id=\"853fd24\" data-element_type=\"section\" data-e-type=\"section\">\n\t\t\t\t\t\t<div class=\"elementor-container elementor-column-gap-default\">\n\t\t\t\t\t<div class=\"elementor-column elementor-col-100 elementor-top-column elementor-element elementor-element-224674c\" data-id=\"224674c\" data-element_type=\"column\" data-e-type=\"column\">\n\t\t\t<div class=\"elementor-widget-wrap elementor-element-populated\">\n\t\t\t\t\t\t<div class=\"elementor-element elementor-element-d9ecca8 elementor-widget elementor-widget-heading\" data-id=\"d9ecca8\" data-element_type=\"widget\" data-e-type=\"widget\" data-widget_type=\"heading.default\">\n\t\t\t\t<div class=\"elementor-widget-container\">\n\t\t\t\t\t<h2 class=\"elementor-heading-title elementor-size-default\">Completed Projects<\/h2>\t\t\t\t<\/div>\n\t\t\t\t<\/div>\n\t\t\t\t\t<\/div>\n\t\t<\/div>\n\t\t\t\t\t<\/div>\n\t\t<\/section>\n\t\t\t\t<\/div>","protected":false},"featured_media":1593,"parent":0,"menu_order":11,"template":"","class_list":["post-1331","projetos","type-projetos","status-publish","has-post-thumbnail","hentry"],"acf":[],"yoast_head":"<!-- This site is optimized with the Yoast SEO plugin v27.5 - https:\/\/yoast.com\/product\/yoast-seo-wordpress\/ -->\n<title>Programa de desenvolvimento rural na APA Costa de Itacar\u00e9 - Serra Grande - Floresta Viva<\/title>\n<meta name=\"robots\" content=\"index, follow, max-snippet:-1, max-image-preview:large, max-video-preview:-1\" \/>\n<link rel=\"canonical\" href=\"https:\/\/florestaviva.org.br\/en\/projetos\/programa-de-desenvolvimento-rural-na-apa-costa-de-itacare-serra-grande-concluido\/\" \/>\n<meta property=\"og:locale\" content=\"en_US\" \/>\n<meta property=\"og:type\" content=\"article\" \/>\n<meta property=\"og:title\" content=\"Programa de desenvolvimento rural na APA Costa de Itacar\u00e9 - Serra Grande - Floresta Viva\" \/>\n<meta property=\"og:description\" content=\"Ao longo de cinco anos, entre 2005 e 2010, o Floresta Viva desenvolveu dois programas voltados ao fortalecimento de comunidades rurais que vivem dentro do territ\u00f3rio desta \u00c1rea de Prote\u00e7\u00e3o Ambiental, buscando disseminar alternativas que possam gerar renda sem precisar derrubar a floresta, como o turismo sustent\u00e1vel. 1) Com financiamento do Minist\u00e9rio de Meio Ambiente, [&hellip;]\" \/>\n<meta property=\"og:url\" content=\"https:\/\/florestaviva.org.br\/en\/projetos\/programa-de-desenvolvimento-rural-na-apa-costa-de-itacare-serra-grande-concluido\/\" \/>\n<meta property=\"og:site_name\" content=\"Floresta Viva\" \/>\n<meta property=\"article:modified_time\" content=\"2024-07-29T14:40:25+00:00\" \/>\n<meta property=\"og:image\" content=\"http:\/\/florestaviva.org.br\/wp-content\/uploads\/2022\/12\/Projeto-Desenvolvimento-Rural-APA01.jpg\" \/>\n\t<meta property=\"og:image:width\" content=\"1000\" \/>\n\t<meta property=\"og:image:height\" content=\"600\" \/>\n\t<meta property=\"og:image:type\" content=\"image\/jpeg\" \/>\n<meta name=\"twitter:card\" content=\"summary_large_image\" \/>\n<meta name=\"twitter:label1\" content=\"Est. reading time\" \/>\n\t<meta name=\"twitter:data1\" content=\"1 minute\" \/>\n<script type=\"application\/ld+json\" class=\"yoast-schema-graph\">{\"@context\":\"https:\\\/\\\/schema.org\",\"@graph\":[{\"@type\":\"WebPage\",\"@id\":\"https:\\\/\\\/florestaviva.org.br\\\/projetos\\\/programa-de-desenvolvimento-rural-na-apa-costa-de-itacare-serra-grande-concluido\\\/\",\"url\":\"https:\\\/\\\/florestaviva.org.br\\\/projetos\\\/programa-de-desenvolvimento-rural-na-apa-costa-de-itacare-serra-grande-concluido\\\/\",\"name\":\"Programa de desenvolvimento rural na APA Costa de Itacar\u00e9 - Serra Grande - Floresta Viva\",\"isPartOf\":{\"@id\":\"https:\\\/\\\/florestaviva.org.br\\\/#website\"},\"primaryImageOfPage\":{\"@id\":\"https:\\\/\\\/florestaviva.org.br\\\/projetos\\\/programa-de-desenvolvimento-rural-na-apa-costa-de-itacare-serra-grande-concluido\\\/#primaryimage\"},\"image\":{\"@id\":\"https:\\\/\\\/florestaviva.org.br\\\/projetos\\\/programa-de-desenvolvimento-rural-na-apa-costa-de-itacare-serra-grande-concluido\\\/#primaryimage\"},\"thumbnailUrl\":\"https:\\\/\\\/florestaviva.org.br\\\/wp-content\\\/uploads\\\/2022\\\/12\\\/Projeto-Desenvolvimento-Rural-APA01.jpg\",\"datePublished\":\"2022-12-16T18:50:00+00:00\",\"dateModified\":\"2024-07-29T14:40:25+00:00\",\"breadcrumb\":{\"@id\":\"https:\\\/\\\/florestaviva.org.br\\\/projetos\\\/programa-de-desenvolvimento-rural-na-apa-costa-de-itacare-serra-grande-concluido\\\/#breadcrumb\"},\"inLanguage\":\"en-US\",\"potentialAction\":[{\"@type\":\"ReadAction\",\"target\":[\"https:\\\/\\\/florestaviva.org.br\\\/projetos\\\/programa-de-desenvolvimento-rural-na-apa-costa-de-itacare-serra-grande-concluido\\\/\"]}]},{\"@type\":\"ImageObject\",\"inLanguage\":\"en-US\",\"@id\":\"https:\\\/\\\/florestaviva.org.br\\\/projetos\\\/programa-de-desenvolvimento-rural-na-apa-costa-de-itacare-serra-grande-concluido\\\/#primaryimage\",\"url\":\"https:\\\/\\\/florestaviva.org.br\\\/wp-content\\\/uploads\\\/2022\\\/12\\\/Projeto-Desenvolvimento-Rural-APA01.jpg\",\"contentUrl\":\"https:\\\/\\\/florestaviva.org.br\\\/wp-content\\\/uploads\\\/2022\\\/12\\\/Projeto-Desenvolvimento-Rural-APA01.jpg\",\"width\":1000,\"height\":600},{\"@type\":\"BreadcrumbList\",\"@id\":\"https:\\\/\\\/florestaviva.org.br\\\/projetos\\\/programa-de-desenvolvimento-rural-na-apa-costa-de-itacare-serra-grande-concluido\\\/#breadcrumb\",\"itemListElement\":[{\"@type\":\"ListItem\",\"position\":1,\"name\":\"In\u00edcio\",\"item\":\"https:\\\/\\\/florestaviva.org.br\\\/\"},{\"@type\":\"ListItem\",\"position\":2,\"name\":\"Projetos\",\"item\":\"https:\\\/\\\/florestaviva.org.br\\\/projetos\\\/\"},{\"@type\":\"ListItem\",\"position\":3,\"name\":\"Programa de desenvolvimento rural na APA Costa de Itacar\u00e9 &#8211; Serra Grande\"}]},{\"@type\":\"WebSite\",\"@id\":\"https:\\\/\\\/florestaviva.org.br\\\/#website\",\"url\":\"https:\\\/\\\/florestaviva.org.br\\\/\",\"name\":\"Floresta Viva\",\"description\":\"Site do Instituto Floresta Viva\",\"publisher\":{\"@id\":\"https:\\\/\\\/florestaviva.org.br\\\/#organization\"},\"potentialAction\":[{\"@type\":\"SearchAction\",\"target\":{\"@type\":\"EntryPoint\",\"urlTemplate\":\"https:\\\/\\\/florestaviva.org.br\\\/?s={search_term_string}\"},\"query-input\":{\"@type\":\"PropertyValueSpecification\",\"valueRequired\":true,\"valueName\":\"search_term_string\"}}],\"inLanguage\":\"en-US\"},{\"@type\":\"Organization\",\"@id\":\"https:\\\/\\\/florestaviva.org.br\\\/#organization\",\"name\":\"Floresta Viva\",\"url\":\"https:\\\/\\\/florestaviva.org.br\\\/\",\"logo\":{\"@type\":\"ImageObject\",\"inLanguage\":\"en-US\",\"@id\":\"https:\\\/\\\/florestaviva.org.br\\\/#\\\/schema\\\/logo\\\/image\\\/\",\"url\":\"https:\\\/\\\/florestaviva.org.br\\\/wp-content\\\/uploads\\\/2022\\\/12\\\/cropped-fav-icon-floresta.png\",\"contentUrl\":\"https:\\\/\\\/florestaviva.org.br\\\/wp-content\\\/uploads\\\/2022\\\/12\\\/cropped-fav-icon-floresta.png\",\"width\":512,\"height\":512,\"caption\":\"Floresta Viva\"},\"image\":{\"@id\":\"https:\\\/\\\/florestaviva.org.br\\\/#\\\/schema\\\/logo\\\/image\\\/\"},\"sameAs\":[\"https:\\\/\\\/www.instagram.com\\\/institutoflorestaviva\\\/\"]}]}<\/script>\n<!-- \/ Yoast SEO plugin. -->","yoast_head_json":{"title":"Programa de desenvolvimento rural na APA Costa de Itacar\u00e9 - Serra Grande - Floresta Viva","robots":{"index":"index","follow":"follow","max-snippet":"max-snippet:-1","max-image-preview":"max-image-preview:large","max-video-preview":"max-video-preview:-1"},"canonical":"https:\/\/florestaviva.org.br\/en\/projetos\/programa-de-desenvolvimento-rural-na-apa-costa-de-itacare-serra-grande-concluido\/","og_locale":"en_US","og_type":"article","og_title":"Programa de desenvolvimento rural na APA Costa de Itacar\u00e9 - Serra Grande - Floresta Viva","og_description":"Ao longo de cinco anos, entre 2005 e 2010, o Floresta Viva desenvolveu dois programas voltados ao fortalecimento de comunidades rurais que vivem dentro do territ\u00f3rio desta \u00c1rea de Prote\u00e7\u00e3o Ambiental, buscando disseminar alternativas que possam gerar renda sem precisar derrubar a floresta, como o turismo sustent\u00e1vel. 1) Com financiamento do Minist\u00e9rio de Meio Ambiente, [&hellip;]","og_url":"https:\/\/florestaviva.org.br\/en\/projetos\/programa-de-desenvolvimento-rural-na-apa-costa-de-itacare-serra-grande-concluido\/","og_site_name":"Floresta Viva","article_modified_time":"2024-07-29T14:40:25+00:00","og_image":[{"width":1000,"height":600,"url":"http:\/\/florestaviva.org.br\/wp-content\/uploads\/2022\/12\/Projeto-Desenvolvimento-Rural-APA01.jpg","type":"image\/jpeg"}],"twitter_card":"summary_large_image","twitter_misc":{"Est. reading time":"1 minute"},"schema":{"@context":"https:\/\/schema.org","@graph":[{"@type":"WebPage","@id":"https:\/\/florestaviva.org.br\/projetos\/programa-de-desenvolvimento-rural-na-apa-costa-de-itacare-serra-grande-concluido\/","url":"https:\/\/florestaviva.org.br\/projetos\/programa-de-desenvolvimento-rural-na-apa-costa-de-itacare-serra-grande-concluido\/","name":"Programa de desenvolvimento rural na APA Costa de Itacar\u00e9 - Serra Grande - Floresta Viva","isPartOf":{"@id":"https:\/\/florestaviva.org.br\/#website"},"primaryImageOfPage":{"@id":"https:\/\/florestaviva.org.br\/projetos\/programa-de-desenvolvimento-rural-na-apa-costa-de-itacare-serra-grande-concluido\/#primaryimage"},"image":{"@id":"https:\/\/florestaviva.org.br\/projetos\/programa-de-desenvolvimento-rural-na-apa-costa-de-itacare-serra-grande-concluido\/#primaryimage"},"thumbnailUrl":"https:\/\/florestaviva.org.br\/wp-content\/uploads\/2022\/12\/Projeto-Desenvolvimento-Rural-APA01.jpg","datePublished":"2022-12-16T18:50:00+00:00","dateModified":"2024-07-29T14:40:25+00:00","breadcrumb":{"@id":"https:\/\/florestaviva.org.br\/projetos\/programa-de-desenvolvimento-rural-na-apa-costa-de-itacare-serra-grande-concluido\/#breadcrumb"},"inLanguage":"en-US","potentialAction":[{"@type":"ReadAction","target":["https:\/\/florestaviva.org.br\/projetos\/programa-de-desenvolvimento-rural-na-apa-costa-de-itacare-serra-grande-concluido\/"]}]},{"@type":"ImageObject","inLanguage":"en-US","@id":"https:\/\/florestaviva.org.br\/projetos\/programa-de-desenvolvimento-rural-na-apa-costa-de-itacare-serra-grande-concluido\/#primaryimage","url":"https:\/\/florestaviva.org.br\/wp-content\/uploads\/2022\/12\/Projeto-Desenvolvimento-Rural-APA01.jpg","contentUrl":"https:\/\/florestaviva.org.br\/wp-content\/uploads\/2022\/12\/Projeto-Desenvolvimento-Rural-APA01.jpg","width":1000,"height":600},{"@type":"BreadcrumbList","@id":"https:\/\/florestaviva.org.br\/projetos\/programa-de-desenvolvimento-rural-na-apa-costa-de-itacare-serra-grande-concluido\/#breadcrumb","itemListElement":[{"@type":"ListItem","position":1,"name":"In\u00edcio","item":"https:\/\/florestaviva.org.br\/"},{"@type":"ListItem","position":2,"name":"Projetos","item":"https:\/\/florestaviva.org.br\/projetos\/"},{"@type":"ListItem","position":3,"name":"Programa de desenvolvimento rural na APA Costa de Itacar\u00e9 &#8211; Serra Grande"}]},{"@type":"WebSite","@id":"https:\/\/florestaviva.org.br\/#website","url":"https:\/\/florestaviva.org.br\/","name":"Floresta Viva","description":"Site do Instituto Floresta Viva","publisher":{"@id":"https:\/\/florestaviva.org.br\/#organization"},"potentialAction":[{"@type":"SearchAction","target":{"@type":"EntryPoint","urlTemplate":"https:\/\/florestaviva.org.br\/?s={search_term_string}"},"query-input":{"@type":"PropertyValueSpecification","valueRequired":true,"valueName":"search_term_string"}}],"inLanguage":"en-US"},{"@type":"Organization","@id":"https:\/\/florestaviva.org.br\/#organization","name":"Floresta Viva","url":"https:\/\/florestaviva.org.br\/","logo":{"@type":"ImageObject","inLanguage":"en-US","@id":"https:\/\/florestaviva.org.br\/#\/schema\/logo\/image\/","url":"https:\/\/florestaviva.org.br\/wp-content\/uploads\/2022\/12\/cropped-fav-icon-floresta.png","contentUrl":"https:\/\/florestaviva.org.br\/wp-content\/uploads\/2022\/12\/cropped-fav-icon-floresta.png","width":512,"height":512,"caption":"Floresta Viva"},"image":{"@id":"https:\/\/florestaviva.org.br\/#\/schema\/logo\/image\/"},"sameAs":["https:\/\/www.instagram.com\/institutoflorestaviva\/"]}]}},"_links":{"self":[{"href":"https:\/\/florestaviva.org.br\/en\/wp-json\/wp\/v2\/projetos\/1331","targetHints":{"allow":["GET"]}}],"collection":[{"href":"https:\/\/florestaviva.org.br\/en\/wp-json\/wp\/v2\/projetos"}],"about":[{"href":"https:\/\/florestaviva.org.br\/en\/wp-json\/wp\/v2\/types\/projetos"}],"version-history":[{"count":20,"href":"https:\/\/florestaviva.org.br\/en\/wp-json\/wp\/v2\/projetos\/1331\/revisions"}],"predecessor-version":[{"id":1835,"href":"https:\/\/florestaviva.org.br\/en\/wp-json\/wp\/v2\/projetos\/1331\/revisions\/1835"}],"wp:featuredmedia":[{"embeddable":true,"href":"https:\/\/florestaviva.org.br\/en\/wp-json\/wp\/v2\/media\/1593"}],"wp:attachment":[{"href":"https:\/\/florestaviva.org.br\/en\/wp-json\/wp\/v2\/media?parent=1331"}],"curies":[{"name":"wp","href":"https:\/\/api.w.org\/{rel}","templated":true}]}}