{"id":347,"date":"2022-11-11T15:00:31","date_gmt":"2022-11-11T18:00:31","guid":{"rendered":"https:\/\/homolog.interatron.com\/?page_id=347"},"modified":"2025-04-29T11:52:29","modified_gmt":"2025-04-29T14:52:29","slug":"projeto","status":"publish","type":"page","link":"https:\/\/florestaviva.org.br\/en\/projeto\/","title":{"rendered":"Our Projects"},"content":{"rendered":"\t\t<div data-elementor-type=\"wp-page\" data-elementor-id=\"347\" class=\"elementor elementor-347\" data-elementor-post-type=\"page\">\n\t\t\t\t\t\t<section class=\"elementor-section elementor-top-section elementor-element elementor-element-f1c1c50 elementor-section-full_width elementor-section-height-min-height elementor-section-height-default elementor-section-items-middle\" data-id=\"f1c1c50\" data-element_type=\"section\" data-e-type=\"section\" data-settings=\"{&quot;background_background&quot;:&quot;classic&quot;,&quot;shape_divider_bottom&quot;:&quot;waves&quot;}\">\n\t\t\t\t\t<div class=\"elementor-shape elementor-shape-bottom\" aria-hidden=\"true\" data-negative=\"false\">\n\t\t\t<svg xmlns=\"http:\/\/www.w3.org\/2000\/svg\" viewBox=\"0 0 1000 100\" preserveAspectRatio=\"none\">\n\t<path class=\"elementor-shape-fill\" d=\"M421.9,6.5c22.6-2.5,51.5,0.4,75.5,5.3c23.6,4.9,70.9,23.5,100.5,35.7c75.8,32.2,133.7,44.5,192.6,49.7\n\tc23.6,2.1,48.7,3.5,103.4-2.5c54.7-6,106.2-25.6,106.2-25.6V0H0v30.3c0,0,72,32.6,158.4,30.5c39.2-0.7,92.8-6.7,134-22.4\n\tc21.2-8.1,52.2-18.2,79.7-24.2C399.3,7.9,411.6,7.5,421.9,6.5z\"\/>\n<\/svg>\t\t<\/div>\n\t\t\t\t\t<div class=\"elementor-container elementor-column-gap-no\">\n\t\t\t\t\t<div class=\"elementor-column elementor-col-100 elementor-top-column elementor-element elementor-element-bf70a43\" data-id=\"bf70a43\" data-element_type=\"column\" data-e-type=\"column\">\n\t\t\t<div class=\"elementor-widget-wrap\">\n\t\t\t\t\t\t\t<\/div>\n\t\t<\/div>\n\t\t\t\t\t<\/div>\n\t\t<\/section>\n\t\t\t\t<section class=\"elementor-section elementor-top-section elementor-element elementor-element-cba2975 elementor-section-boxed elementor-section-height-default elementor-section-height-default\" data-id=\"cba2975\" data-element_type=\"section\" data-e-type=\"section\">\n\t\t\t\t\t\t<div class=\"elementor-container elementor-column-gap-default\">\n\t\t\t\t\t<div class=\"elementor-column elementor-col-100 elementor-top-column elementor-element elementor-element-408c276\" data-id=\"408c276\" data-element_type=\"column\" data-e-type=\"column\">\n\t\t\t<div class=\"elementor-widget-wrap elementor-element-populated\">\n\t\t\t\t\t\t<div class=\"elementor-element elementor-element-8055aad elementor-widget elementor-widget-heading\" data-id=\"8055aad\" data-element_type=\"widget\" data-e-type=\"widget\" data-widget_type=\"heading.default\">\n\t\t\t\t<div class=\"elementor-widget-container\">\n\t\t\t\t\t<h2 class=\"elementor-heading-title elementor-size-default\">Projetos<\/h2>\t\t\t\t<\/div>\n\t\t\t\t<\/div>\n\t\t\t\t<div class=\"elementor-element elementor-element-eac883d elementor-widget elementor-widget-text-editor\" data-id=\"eac883d\" data-element_type=\"widget\" data-e-type=\"widget\" data-widget_type=\"text-editor.default\">\n\t\t\t\t<div class=\"elementor-widget-container\">\n\t\t\t\t\t\t\t\t\t<p>Saiba como o Floresta Viva vem constantemente melhorando a realidade da regi\u00e3o atrav\u00e9s de projetos sustent\u00e1veis que mobilizam a popula\u00e7\u00e3o local, empresas, org\u00e3os p\u00fablicos e volunt\u00e1rios.<\/p>\t\t\t\t\t\t\t\t<\/div>\n\t\t\t\t<\/div>\n\t\t\t\t<div class=\"elementor-element elementor-element-f66fe33 elementor-grid-1 elementor-grid-tablet-2 elementor-grid-mobile-1 elementor-widget elementor-widget-loop-grid\" data-id=\"f66fe33\" data-element_type=\"widget\" data-e-type=\"widget\" data-settings=\"{&quot;template_id&quot;:&quot;352&quot;,&quot;columns&quot;:1,&quot;pagination_type&quot;:&quot;numbers&quot;,&quot;_skin&quot;:&quot;post&quot;,&quot;columns_tablet&quot;:&quot;2&quot;,&quot;columns_mobile&quot;:&quot;1&quot;,&quot;edit_handle_selector&quot;:&quot;[data-elementor-type=\\&quot;loop-item\\&quot;]&quot;,&quot;pagination_load_type&quot;:&quot;page_reload&quot;,&quot;row_gap&quot;:{&quot;unit&quot;:&quot;px&quot;,&quot;size&quot;:&quot;&quot;,&quot;sizes&quot;:[]},&quot;row_gap_widescreen&quot;:{&quot;unit&quot;:&quot;px&quot;,&quot;size&quot;:&quot;&quot;,&quot;sizes&quot;:[]},&quot;row_gap_laptop&quot;:{&quot;unit&quot;:&quot;px&quot;,&quot;size&quot;:&quot;&quot;,&quot;sizes&quot;:[]},&quot;row_gap_tablet&quot;:{&quot;unit&quot;:&quot;px&quot;,&quot;size&quot;:&quot;&quot;,&quot;sizes&quot;:[]},&quot;row_gap_mobile&quot;:{&quot;unit&quot;:&quot;px&quot;,&quot;size&quot;:&quot;&quot;,&quot;sizes&quot;:[]}}\" data-widget_type=\"loop-grid.post\">\n\t\t\t\t<div class=\"elementor-widget-container\">\n\t\t\t\t\t\t\t<div class=\"elementor-loop-container elementor-grid\">\n\t\t<style id=\"loop-352\">.elementor-352 .elementor-element.elementor-element-a2e919d{--display:flex;--flex-direction:row;--container-widget-width:calc( ( 1 - var( --container-widget-flex-grow ) ) * 100% );--container-widget-height:100%;--container-widget-flex-grow:1;--container-widget-align-self:stretch;--flex-wrap-mobile:wrap;--align-items:center;--gap:0px 0px;--row-gap:0px;--column-gap:0px;border-style:solid;--border-style:solid;border-width:0px 0px 1px 0px;--border-top-width:0px;--border-right-width:0px;--border-bottom-width:1px;--border-left-width:0px;border-color:#0F5F45;--border-color:#0F5F45;}.elementor-widget-image .widget-image-caption{color:var( --e-global-color-text );font-family:var( --e-global-typography-text-font-family ), Sans-serif;font-weight:var( --e-global-typography-text-font-weight );}.elementor-352 .elementor-element.elementor-element-ace2217{width:var( --container-widget-width, 30% );max-width:30%;--container-widget-width:30%;--container-widget-flex-grow:0;}.elementor-352 .elementor-element.elementor-element-332bfc6{--display:flex;--flex-direction:column;--container-widget-width:100%;--container-widget-height:initial;--container-widget-flex-grow:0;--container-widget-align-self:initial;--flex-wrap-mobile:wrap;}.elementor-widget-theme-post-title .elementor-heading-title{font-family:var( --e-global-typography-primary-font-family ), Sans-serif;font-weight:var( --e-global-typography-primary-font-weight );color:var( --e-global-color-primary );}.elementor-352 .elementor-element.elementor-element-7fdef4a .elementor-heading-title{font-family:\"Roboto\", Sans-serif;font-size:24px;font-weight:600;color:#0F5F45;}.elementor-widget-heading .elementor-heading-title{font-family:var( --e-global-typography-primary-font-family ), Sans-serif;font-weight:var( --e-global-typography-primary-font-weight );color:var( --e-global-color-primary );}.elementor-352 .elementor-element.elementor-element-25e9dbb{text-align:start;}.elementor-352 .elementor-element.elementor-element-25e9dbb .elementor-heading-title{font-family:\"Roboto\", Sans-serif;font-size:16px;font-weight:400;line-height:1.2em;color:#0F5F45;}.elementor-352 .elementor-element.elementor-element-25e9dbb > .elementor-widget-container{margin:0px 0px 0px 0px;}.elementor-widget-button .elementor-button{font-family:var( --e-global-typography-accent-font-family ), Sans-serif;font-weight:var( --e-global-typography-accent-font-weight );background-color:var( --e-global-color-accent );}.elementor-352 .elementor-element.elementor-element-490b2a2 .elementor-button{font-family:\"Roboto\", Sans-serif;font-size:16px;font-weight:500;fill:#0F5F45;color:#0F5F45;background-color:#0F5F4500;border-style:solid;border-width:1px 1px 1px 1px;border-color:#0F5F45;border-radius:50px 50px 50px 50px;padding:10px 40px 10px 40px;}.elementor-352 .elementor-element.elementor-element-490b2a2 .elementor-button:hover, .elementor-352 .elementor-element.elementor-element-490b2a2 .elementor-button:focus{color:#FFFFFF;background-color:#0F5F45;border-color:#0F5F45;}.elementor-352 .elementor-element.elementor-element-490b2a2 .elementor-button:hover svg, .elementor-352 .elementor-element.elementor-element-490b2a2 .elementor-button:focus svg{fill:#FFFFFF;}@media(min-width:768px){.elementor-352 .elementor-element.elementor-element-332bfc6{--width:70%;}}@media(max-width:767px){.elementor-352 .elementor-element.elementor-element-a2e919d{--gap:15px 0px;--row-gap:15px;--column-gap:0px;--padding-top:0px;--padding-bottom:0px;--padding-left:0px;--padding-right:0px;}.elementor-352 .elementor-element.elementor-element-ace2217{--container-widget-width:100%;--container-widget-flex-grow:0;width:var( --container-widget-width, 100% );max-width:100%;}.elementor-352 .elementor-element.elementor-element-490b2a2 .elementor-button{font-size:18px;}}<\/style>\t\t<div data-elementor-type=\"loop-item\" data-elementor-id=\"352\" class=\"elementor elementor-352 e-loop-item e-loop-item-87 post-87 projetos type-projetos status-publish has-post-thumbnail hentry\" data-elementor-post-type=\"elementor_library\" data-custom-edit-handle=\"1\">\n\t\t\t<div class=\"elementor-element elementor-element-a2e919d e-flex e-con-boxed e-con e-parent\" data-id=\"a2e919d\" data-element_type=\"container\" data-e-type=\"container\">\n\t\t\t\t\t<div class=\"e-con-inner\">\n\t\t\t\t<div class=\"elementor-element elementor-element-ace2217 elementor-widget__width-initial elementor-widget elementor-widget-image\" data-id=\"ace2217\" data-element_type=\"widget\" data-e-type=\"widget\" data-widget_type=\"image.default\">\n\t\t\t\t<div class=\"elementor-widget-container\">\n\t\t\t\t\t\t\t\t\t\t\t\t\t\t\t<img decoding=\"async\" src=\"https:\/\/florestaviva.org.br\/wp-content\/uploads\/2022\/12\/Projeto-Franklinia01.jpg\" title=\"Projeto-Franklinia01\" alt=\"Projeto-Franklinia01\" loading=\"lazy\" \/>\t\t\t\t\t\t\t\t\t\t\t\t\t\t\t<\/div>\n\t\t\t\t<\/div>\n\t\t<div class=\"elementor-element elementor-element-332bfc6 e-con-full e-flex e-con e-child\" data-id=\"332bfc6\" data-element_type=\"container\" data-e-type=\"container\">\n\t\t\t\t<div class=\"elementor-element elementor-element-7fdef4a elementor-widget elementor-widget-theme-post-title elementor-page-title elementor-widget-heading\" data-id=\"7fdef4a\" data-element_type=\"widget\" data-e-type=\"widget\" data-widget_type=\"theme-post-title.default\">\n\t\t\t\t<div class=\"elementor-widget-container\">\n\t\t\t\t\t<h1 class=\"elementor-heading-title elementor-size-default\">Franklinia &#8211; Pesquisa<\/h1>\t\t\t\t<\/div>\n\t\t\t\t<\/div>\n\t\t\t\t<div class=\"elementor-element elementor-element-25e9dbb elementor-widget elementor-widget-heading\" data-id=\"25e9dbb\" data-element_type=\"widget\" data-e-type=\"widget\" data-widget_type=\"heading.default\">\n\t\t\t\t<div class=\"elementor-widget-container\">\n\t\t\t\t\t<h2 class=\"elementor-heading-title elementor-size-default\">Um dos projetos destaques do IFV, que hoje se caracteriza como seu principal foco de atua\u00e7\u00e3o, \u00e9 o Projeto Pesquisa das Esp\u00e9cies Raras e Amea\u00e7adas de Extin\u00e7\u00e3o do Sul da Bahia.<\/h2>\t\t\t\t<\/div>\n\t\t\t\t<\/div>\n\t\t\t\t<div class=\"elementor-element elementor-element-490b2a2 elementor-align-left elementor-mobile-align-left elementor-widget elementor-widget-button\" data-id=\"490b2a2\" data-element_type=\"widget\" data-e-type=\"widget\" data-widget_type=\"button.default\">\n\t\t\t\t<div class=\"elementor-widget-container\">\n\t\t\t\t\t\t\t\t\t<div class=\"elementor-button-wrapper\">\n\t\t\t\t\t<a class=\"elementor-button elementor-button-link elementor-size-sm elementor-animation-grow\" href=\"https:\/\/florestaviva.org.br\/en\/projetos\/pau-brasil\/\">\n\t\t\t\t\t\t<span class=\"elementor-button-content-wrapper\">\n\t\t\t\t\t\t\t\t\t<span class=\"elementor-button-text\">Saiba mais<\/span>\n\t\t\t\t\t<\/span>\n\t\t\t\t\t<\/a>\n\t\t\t\t<\/div>\n\t\t\t\t\t\t\t\t<\/div>\n\t\t\t\t<\/div>\n\t\t\t\t<\/div>\n\t\t\t\t\t<\/div>\n\t\t\t\t<\/div>\n\t\t\t\t<\/div>\n\t\t\t\t<div data-elementor-type=\"loop-item\" data-elementor-id=\"352\" class=\"elementor elementor-352 e-loop-item e-loop-item-86 post-86 projetos type-projetos status-publish has-post-thumbnail hentry\" data-elementor-post-type=\"elementor_library\" data-custom-edit-handle=\"1\">\n\t\t\t<div class=\"elementor-element elementor-element-a2e919d e-flex e-con-boxed e-con e-parent\" data-id=\"a2e919d\" data-element_type=\"container\" data-e-type=\"container\">\n\t\t\t\t\t<div class=\"e-con-inner\">\n\t\t\t\t<div class=\"elementor-element elementor-element-ace2217 elementor-widget__width-initial elementor-widget elementor-widget-image\" data-id=\"ace2217\" data-element_type=\"widget\" data-e-type=\"widget\" data-widget_type=\"image.default\">\n\t\t\t\t<div class=\"elementor-widget-container\">\n\t\t\t\t\t\t\t\t\t\t\t\t\t\t\t<img decoding=\"async\" src=\"https:\/\/florestaviva.org.br\/wp-content\/uploads\/2022\/12\/Projeto-Cargill01-e1671221850742.jpg\" title=\"Projeto-Cargill01\" alt=\"Projeto-Cargill01\" loading=\"lazy\" \/>\t\t\t\t\t\t\t\t\t\t\t\t\t\t\t<\/div>\n\t\t\t\t<\/div>\n\t\t<div class=\"elementor-element elementor-element-332bfc6 e-con-full e-flex e-con e-child\" data-id=\"332bfc6\" data-element_type=\"container\" data-e-type=\"container\">\n\t\t\t\t<div class=\"elementor-element elementor-element-7fdef4a elementor-widget elementor-widget-theme-post-title elementor-page-title elementor-widget-heading\" data-id=\"7fdef4a\" data-element_type=\"widget\" data-e-type=\"widget\" data-widget_type=\"theme-post-title.default\">\n\t\t\t\t<div class=\"elementor-widget-container\">\n\t\t\t\t\t<h1 class=\"elementor-heading-title elementor-size-default\">Produ\u00e7\u00e3o de Cacau no Sul da Bahia \u2013 COOPAFBASUL<\/h1>\t\t\t\t<\/div>\n\t\t\t\t<\/div>\n\t\t\t\t<div class=\"elementor-element elementor-element-25e9dbb elementor-widget elementor-widget-heading\" data-id=\"25e9dbb\" data-element_type=\"widget\" data-e-type=\"widget\" data-widget_type=\"heading.default\">\n\t\t\t\t<div class=\"elementor-widget-container\">\n\t\t\t\t\t<h2 class=\"elementor-heading-title elementor-size-default\"> Alian\u00e7a Cacau \u00e9 um projeto desenvolvido atrav\u00e9s da coopera\u00e7\u00e3o entre a Cargill e o Instituto Floresta Viva, com agricultores familiares cooperados da COOPAFBASUL em Ituber\u00e1-BA.<\/h2>\t\t\t\t<\/div>\n\t\t\t\t<\/div>\n\t\t\t\t<div class=\"elementor-element elementor-element-490b2a2 elementor-align-left elementor-mobile-align-left elementor-widget elementor-widget-button\" data-id=\"490b2a2\" data-element_type=\"widget\" data-e-type=\"widget\" data-widget_type=\"button.default\">\n\t\t\t\t<div class=\"elementor-widget-container\">\n\t\t\t\t\t\t\t\t\t<div class=\"elementor-button-wrapper\">\n\t\t\t\t\t<a class=\"elementor-button elementor-button-link elementor-size-sm elementor-animation-grow\" href=\"https:\/\/florestaviva.org.br\/en\/projetos\/projeto-de-desenvolvimento-institucional\/\">\n\t\t\t\t\t\t<span class=\"elementor-button-content-wrapper\">\n\t\t\t\t\t\t\t\t\t<span class=\"elementor-button-text\">Saiba mais<\/span>\n\t\t\t\t\t<\/span>\n\t\t\t\t\t<\/a>\n\t\t\t\t<\/div>\n\t\t\t\t\t\t\t\t<\/div>\n\t\t\t\t<\/div>\n\t\t\t\t<\/div>\n\t\t\t\t\t<\/div>\n\t\t\t\t<\/div>\n\t\t\t\t<\/div>\n\t\t\t\t<div data-elementor-type=\"loop-item\" data-elementor-id=\"352\" class=\"elementor elementor-352 e-loop-item e-loop-item-85 post-85 projetos type-projetos status-publish has-post-thumbnail hentry\" data-elementor-post-type=\"elementor_library\" data-custom-edit-handle=\"1\">\n\t\t\t<div class=\"elementor-element elementor-element-a2e919d e-flex e-con-boxed e-con e-parent\" data-id=\"a2e919d\" data-element_type=\"container\" data-e-type=\"container\">\n\t\t\t\t\t<div class=\"e-con-inner\">\n\t\t\t\t<div class=\"elementor-element elementor-element-ace2217 elementor-widget__width-initial elementor-widget elementor-widget-image\" data-id=\"ace2217\" data-element_type=\"widget\" data-e-type=\"widget\" data-widget_type=\"image.default\">\n\t\t\t\t<div class=\"elementor-widget-container\">\n\t\t\t\t\t\t\t\t\t\t\t\t\t\t\t<img decoding=\"async\" src=\"https:\/\/florestaviva.org.br\/wp-content\/uploads\/2022\/12\/Projeto-Fazenda-Arandis01.jpg\" title=\"Projeto-Fazenda-Arandis01\" alt=\"Projeto-Fazenda-Arandis01\" loading=\"lazy\" \/>\t\t\t\t\t\t\t\t\t\t\t\t\t\t\t<\/div>\n\t\t\t\t<\/div>\n\t\t<div class=\"elementor-element elementor-element-332bfc6 e-con-full e-flex e-con e-child\" data-id=\"332bfc6\" data-element_type=\"container\" data-e-type=\"container\">\n\t\t\t\t<div class=\"elementor-element elementor-element-7fdef4a elementor-widget elementor-widget-theme-post-title elementor-page-title elementor-widget-heading\" data-id=\"7fdef4a\" data-element_type=\"widget\" data-e-type=\"widget\" data-widget_type=\"theme-post-title.default\">\n\t\t\t\t<div class=\"elementor-widget-container\">\n\t\t\t\t\t<h1 class=\"elementor-heading-title elementor-size-default\">Reserva Legal Fazenda Arandis &#8211; Pesquisa<\/h1>\t\t\t\t<\/div>\n\t\t\t\t<\/div>\n\t\t\t\t<div class=\"elementor-element elementor-element-25e9dbb elementor-widget elementor-widget-heading\" data-id=\"25e9dbb\" data-element_type=\"widget\" data-e-type=\"widget\" data-widget_type=\"heading.default\">\n\t\t\t\t<div class=\"elementor-widget-container\">\n\t\t\t\t\t<h2 class=\"elementor-heading-title elementor-size-default\">Plano de Recupera\u00e7\u00e3o de \u00c1reas Degradadas (PRAD) com foco os remanescentes de vegeta\u00e7\u00e3o e restaura\u00e7\u00e3o de \u00e1reas de preserva\u00e7\u00e3o permanente.<\/h2>\t\t\t\t<\/div>\n\t\t\t\t<\/div>\n\t\t\t\t<div class=\"elementor-element elementor-element-490b2a2 elementor-align-left elementor-mobile-align-left elementor-widget elementor-widget-button\" data-id=\"490b2a2\" data-element_type=\"widget\" data-e-type=\"widget\" data-widget_type=\"button.default\">\n\t\t\t\t<div class=\"elementor-widget-container\">\n\t\t\t\t\t\t\t\t\t<div class=\"elementor-button-wrapper\">\n\t\t\t\t\t<a class=\"elementor-button elementor-button-link elementor-size-sm elementor-animation-grow\" href=\"https:\/\/florestaviva.org.br\/en\/projetos\/representacao-do-elti-no-brasil\/\">\n\t\t\t\t\t\t<span class=\"elementor-button-content-wrapper\">\n\t\t\t\t\t\t\t\t\t<span class=\"elementor-button-text\">Saiba mais<\/span>\n\t\t\t\t\t<\/span>\n\t\t\t\t\t<\/a>\n\t\t\t\t<\/div>\n\t\t\t\t\t\t\t\t<\/div>\n\t\t\t\t<\/div>\n\t\t\t\t<\/div>\n\t\t\t\t\t<\/div>\n\t\t\t\t<\/div>\n\t\t\t\t<\/div>\n\t\t\t\t<div data-elementor-type=\"loop-item\" data-elementor-id=\"352\" class=\"elementor elementor-352 e-loop-item e-loop-item-1558 post-1558 projetos type-projetos status-publish has-post-thumbnail hentry\" data-elementor-post-type=\"elementor_library\" data-custom-edit-handle=\"1\">\n\t\t\t<div class=\"elementor-element elementor-element-a2e919d e-flex e-con-boxed e-con e-parent\" data-id=\"a2e919d\" data-element_type=\"container\" data-e-type=\"container\">\n\t\t\t\t\t<div class=\"e-con-inner\">\n\t\t\t\t<div class=\"elementor-element elementor-element-ace2217 elementor-widget__width-initial elementor-widget elementor-widget-image\" data-id=\"ace2217\" data-element_type=\"widget\" data-e-type=\"widget\" data-widget_type=\"image.default\">\n\t\t\t\t<div class=\"elementor-widget-container\">\n\t\t\t\t\t\t\t\t\t\t\t\t\t\t\t<img decoding=\"async\" src=\"https:\/\/florestaviva.org.br\/wp-content\/uploads\/2022\/12\/Projeto-Cultivo-de-Cacau01.jpg\" title=\"Projeto-Cultivo-de-Cacau01\" alt=\"Projeto-Cultivo-de-Cacau01\" loading=\"lazy\" \/>\t\t\t\t\t\t\t\t\t\t\t\t\t\t\t<\/div>\n\t\t\t\t<\/div>\n\t\t<div class=\"elementor-element elementor-element-332bfc6 e-con-full e-flex e-con e-child\" data-id=\"332bfc6\" data-element_type=\"container\" data-e-type=\"container\">\n\t\t\t\t<div class=\"elementor-element elementor-element-7fdef4a elementor-widget elementor-widget-theme-post-title elementor-page-title elementor-widget-heading\" data-id=\"7fdef4a\" data-element_type=\"widget\" data-e-type=\"widget\" data-widget_type=\"theme-post-title.default\">\n\t\t\t\t<div class=\"elementor-widget-container\">\n\t\t\t\t\t<h1 class=\"elementor-heading-title elementor-size-default\">Restaura\u00e7\u00e3o de Ecossistemas e Cultivo do Cacau no Litoral Sul da Bahia -Universidade de Brown<\/h1>\t\t\t\t<\/div>\n\t\t\t\t<\/div>\n\t\t\t\t<div class=\"elementor-element elementor-element-25e9dbb elementor-widget elementor-widget-heading\" data-id=\"25e9dbb\" data-element_type=\"widget\" data-e-type=\"widget\" data-widget_type=\"heading.default\">\n\t\t\t\t<div class=\"elementor-widget-container\">\n\t\t\t\t\t<h2 class=\"elementor-heading-title elementor-size-default\">O grande objetivo desta pesquisa foi o de descobrir como \u00e9 poss\u00edvel restaurar  ricos ecossistemas enquanto se aumenta o bem-estar humano.<\/h2>\t\t\t\t<\/div>\n\t\t\t\t<\/div>\n\t\t\t\t<div class=\"elementor-element elementor-element-490b2a2 elementor-align-left elementor-mobile-align-left elementor-widget elementor-widget-button\" data-id=\"490b2a2\" data-element_type=\"widget\" data-e-type=\"widget\" data-widget_type=\"button.default\">\n\t\t\t\t<div class=\"elementor-widget-container\">\n\t\t\t\t\t\t\t\t\t<div class=\"elementor-button-wrapper\">\n\t\t\t\t\t<a class=\"elementor-button elementor-button-link elementor-size-sm elementor-animation-grow\" href=\"https:\/\/florestaviva.org.br\/en\/projetos\/cultivo-do-cacau-no-litoral-sul-da-bahia\/\">\n\t\t\t\t\t\t<span class=\"elementor-button-content-wrapper\">\n\t\t\t\t\t\t\t\t\t<span class=\"elementor-button-text\">Saiba mais<\/span>\n\t\t\t\t\t<\/span>\n\t\t\t\t\t<\/a>\n\t\t\t\t<\/div>\n\t\t\t\t\t\t\t\t<\/div>\n\t\t\t\t<\/div>\n\t\t\t\t<\/div>\n\t\t\t\t\t<\/div>\n\t\t\t\t<\/div>\n\t\t\t\t<\/div>\n\t\t\t\t<div data-elementor-type=\"loop-item\" data-elementor-id=\"352\" class=\"elementor elementor-352 e-loop-item e-loop-item-82 post-82 projetos type-projetos status-publish has-post-thumbnail hentry\" data-elementor-post-type=\"elementor_library\" data-custom-edit-handle=\"1\">\n\t\t\t<div class=\"elementor-element elementor-element-a2e919d e-flex e-con-boxed e-con e-parent\" data-id=\"a2e919d\" data-element_type=\"container\" data-e-type=\"container\">\n\t\t\t\t\t<div class=\"e-con-inner\">\n\t\t\t\t<div class=\"elementor-element elementor-element-ace2217 elementor-widget__width-initial elementor-widget elementor-widget-image\" data-id=\"ace2217\" data-element_type=\"widget\" data-e-type=\"widget\" data-widget_type=\"image.default\">\n\t\t\t\t<div class=\"elementor-widget-container\">\n\t\t\t\t\t\t\t\t\t\t\t\t\t\t\t<img decoding=\"async\" src=\"https:\/\/florestaviva.org.br\/wp-content\/uploads\/2022\/12\/Banners-PAGs-INTERNAS-Instituto.jpg\" title=\"Banners-PAGs-INTERNAS-Instituto\" alt=\"Banners-PAGs-INTERNAS-Instituto\" loading=\"lazy\" \/>\t\t\t\t\t\t\t\t\t\t\t\t\t\t\t<\/div>\n\t\t\t\t<\/div>\n\t\t<div class=\"elementor-element elementor-element-332bfc6 e-con-full e-flex e-con e-child\" data-id=\"332bfc6\" data-element_type=\"container\" data-e-type=\"container\">\n\t\t\t\t<div class=\"elementor-element elementor-element-7fdef4a elementor-widget elementor-widget-theme-post-title elementor-page-title elementor-widget-heading\" data-id=\"7fdef4a\" data-element_type=\"widget\" data-e-type=\"widget\" data-widget_type=\"theme-post-title.default\">\n\t\t\t\t<div class=\"elementor-widget-container\">\n\t\t\t\t\t<h1 class=\"elementor-heading-title elementor-size-default\">IPCI &#8211; Pesquisa<\/h1>\t\t\t\t<\/div>\n\t\t\t\t<\/div>\n\t\t\t\t<div class=\"elementor-element elementor-element-25e9dbb elementor-widget elementor-widget-heading\" data-id=\"25e9dbb\" data-element_type=\"widget\" data-e-type=\"widget\" data-widget_type=\"heading.default\">\n\t\t\t\t<div class=\"elementor-widget-container\">\n\t\t\t\t\t<h2 class=\"elementor-heading-title elementor-size-default\">O Instituto Floresta Viva e a Iniciativa de Conserva\u00e7\u00e3o Internacional de Pernambuco (IPCI) come\u00e7aram uma parceria em 2013 para promover o pau brasil como uma esp\u00e9cie de silvicultura no sul da Bahia.<\/h2>\t\t\t\t<\/div>\n\t\t\t\t<\/div>\n\t\t\t\t<div class=\"elementor-element elementor-element-490b2a2 elementor-align-left elementor-mobile-align-left elementor-widget elementor-widget-button\" data-id=\"490b2a2\" data-element_type=\"widget\" data-e-type=\"widget\" data-widget_type=\"button.default\">\n\t\t\t\t<div class=\"elementor-widget-container\">\n\t\t\t\t\t\t\t\t\t<div class=\"elementor-button-wrapper\">\n\t\t\t\t\t<a class=\"elementor-button elementor-button-link elementor-size-sm elementor-animation-grow\" href=\"https:\/\/florestaviva.org.br\/en\/projetos\/economia-da-floresta\/\">\n\t\t\t\t\t\t<span class=\"elementor-button-content-wrapper\">\n\t\t\t\t\t\t\t\t\t<span class=\"elementor-button-text\">Saiba mais<\/span>\n\t\t\t\t\t<\/span>\n\t\t\t\t\t<\/a>\n\t\t\t\t<\/div>\n\t\t\t\t\t\t\t\t<\/div>\n\t\t\t\t<\/div>\n\t\t\t\t<\/div>\n\t\t\t\t\t<\/div>\n\t\t\t\t<\/div>\n\t\t\t\t<\/div>\n\t\t\t\t<div data-elementor-type=\"loop-item\" data-elementor-id=\"352\" class=\"elementor elementor-352 e-loop-item e-loop-item-1261 post-1261 projetos type-projetos status-publish has-post-thumbnail hentry\" data-elementor-post-type=\"elementor_library\" data-custom-edit-handle=\"1\">\n\t\t\t<div class=\"elementor-element elementor-element-a2e919d e-flex e-con-boxed e-con e-parent\" data-id=\"a2e919d\" data-element_type=\"container\" data-e-type=\"container\">\n\t\t\t\t\t<div class=\"e-con-inner\">\n\t\t\t\t<div class=\"elementor-element elementor-element-ace2217 elementor-widget__width-initial elementor-widget elementor-widget-image\" data-id=\"ace2217\" data-element_type=\"widget\" data-e-type=\"widget\" data-widget_type=\"image.default\">\n\t\t\t\t<div class=\"elementor-widget-container\">\n\t\t\t\t\t\t\t\t\t\t\t\t\t\t\t<img decoding=\"async\" src=\"https:\/\/florestaviva.org.br\/wp-content\/uploads\/2022\/12\/Projeto-Ruddolf-foundation01.jpg\" title=\"Projeto-Ruddolf-foundation01\" alt=\"Projeto-Ruddolf-foundation01\" loading=\"lazy\" \/>\t\t\t\t\t\t\t\t\t\t\t\t\t\t\t<\/div>\n\t\t\t\t<\/div>\n\t\t<div class=\"elementor-element elementor-element-332bfc6 e-con-full e-flex e-con e-child\" data-id=\"332bfc6\" data-element_type=\"container\" data-e-type=\"container\">\n\t\t\t\t<div class=\"elementor-element elementor-element-7fdef4a elementor-widget elementor-widget-theme-post-title elementor-page-title elementor-widget-heading\" data-id=\"7fdef4a\" data-element_type=\"widget\" data-e-type=\"widget\" data-widget_type=\"theme-post-title.default\">\n\t\t\t\t<div class=\"elementor-widget-container\">\n\t\t\t\t\t<h1 class=\"elementor-heading-title elementor-size-default\">The Rufford Foundation<\/h1>\t\t\t\t<\/div>\n\t\t\t\t<\/div>\n\t\t\t\t<div class=\"elementor-element elementor-element-25e9dbb elementor-widget elementor-widget-heading\" data-id=\"25e9dbb\" data-element_type=\"widget\" data-e-type=\"widget\" data-widget_type=\"heading.default\">\n\t\t\t\t<div class=\"elementor-widget-container\">\n\t\t\t\t\t<h2 class=\"elementor-heading-title elementor-size-default\">A Funda\u00e7\u00e3o Rufford \u00e9 uma institui\u00e7\u00e3o registrada no Reino Unido que financia projetos de conserva\u00e7\u00e3o da natureza em todo o mundo.<\/h2>\t\t\t\t<\/div>\n\t\t\t\t<\/div>\n\t\t\t\t<div class=\"elementor-element elementor-element-490b2a2 elementor-align-left elementor-mobile-align-left elementor-widget elementor-widget-button\" data-id=\"490b2a2\" data-element_type=\"widget\" data-e-type=\"widget\" data-widget_type=\"button.default\">\n\t\t\t\t<div class=\"elementor-widget-container\">\n\t\t\t\t\t\t\t\t\t<div class=\"elementor-button-wrapper\">\n\t\t\t\t\t<a class=\"elementor-button elementor-button-link elementor-size-sm elementor-animation-grow\" href=\"https:\/\/florestaviva.org.br\/en\/projetos\/the-rufford-foundation\/\">\n\t\t\t\t\t\t<span class=\"elementor-button-content-wrapper\">\n\t\t\t\t\t\t\t\t\t<span class=\"elementor-button-text\">Saiba mais<\/span>\n\t\t\t\t\t<\/span>\n\t\t\t\t\t<\/a>\n\t\t\t\t<\/div>\n\t\t\t\t\t\t\t\t<\/div>\n\t\t\t\t<\/div>\n\t\t\t\t<\/div>\n\t\t\t\t\t<\/div>\n\t\t\t\t<\/div>\n\t\t\t\t<\/div>\n\t\t\t\t<div data-elementor-type=\"loop-item\" data-elementor-id=\"352\" class=\"elementor elementor-352 e-loop-item e-loop-item-1284 post-1284 projetos type-projetos status-publish has-post-thumbnail hentry\" data-elementor-post-type=\"elementor_library\" data-custom-edit-handle=\"1\">\n\t\t\t<div class=\"elementor-element elementor-element-a2e919d e-flex e-con-boxed e-con e-parent\" data-id=\"a2e919d\" data-element_type=\"container\" data-e-type=\"container\">\n\t\t\t\t\t<div class=\"e-con-inner\">\n\t\t\t\t<div class=\"elementor-element elementor-element-ace2217 elementor-widget__width-initial elementor-widget elementor-widget-image\" data-id=\"ace2217\" data-element_type=\"widget\" data-e-type=\"widget\" data-widget_type=\"image.default\">\n\t\t\t\t<div class=\"elementor-widget-container\">\n\t\t\t\t\t\t\t\t\t\t\t\t\t\t\t<img decoding=\"async\" src=\"https:\/\/florestaviva.org.br\/wp-content\/uploads\/2022\/12\/Projeto-Assentamento-rural01.jpg\" title=\"Projeto-Assentamento-rural01\" alt=\"Projeto-Assentamento-rural01\" loading=\"lazy\" \/>\t\t\t\t\t\t\t\t\t\t\t\t\t\t\t<\/div>\n\t\t\t\t<\/div>\n\t\t<div class=\"elementor-element elementor-element-332bfc6 e-con-full e-flex e-con e-child\" data-id=\"332bfc6\" data-element_type=\"container\" data-e-type=\"container\">\n\t\t\t\t<div class=\"elementor-element elementor-element-7fdef4a elementor-widget elementor-widget-theme-post-title elementor-page-title elementor-widget-heading\" data-id=\"7fdef4a\" data-element_type=\"widget\" data-e-type=\"widget\" data-widget_type=\"theme-post-title.default\">\n\t\t\t\t<div class=\"elementor-widget-container\">\n\t\t\t\t\t<h1 class=\"elementor-heading-title elementor-size-default\">Apoio aos Assentamentos Rurais<\/h1>\t\t\t\t<\/div>\n\t\t\t\t<\/div>\n\t\t\t\t<div class=\"elementor-element elementor-element-25e9dbb elementor-widget elementor-widget-heading\" data-id=\"25e9dbb\" data-element_type=\"widget\" data-e-type=\"widget\" data-widget_type=\"heading.default\">\n\t\t\t\t<div class=\"elementor-widget-container\">\n\t\t\t\t\t<h2 class=\"elementor-heading-title elementor-size-default\">O Floresta Viva realizou o diagn\u00f3stico de oito assentamentos rurais, propondo planejamento e adequa\u00e7\u00e3o de suas \u00e1reas, localizadas no Corredor Central da Mata Atl\u00e2ntica (CCMA).<\/h2>\t\t\t\t<\/div>\n\t\t\t\t<\/div>\n\t\t\t\t<div class=\"elementor-element elementor-element-490b2a2 elementor-align-left elementor-mobile-align-left elementor-widget elementor-widget-button\" data-id=\"490b2a2\" data-element_type=\"widget\" data-e-type=\"widget\" data-widget_type=\"button.default\">\n\t\t\t\t<div class=\"elementor-widget-container\">\n\t\t\t\t\t\t\t\t\t<div class=\"elementor-button-wrapper\">\n\t\t\t\t\t<a class=\"elementor-button elementor-button-link elementor-size-sm elementor-animation-grow\" href=\"https:\/\/florestaviva.org.br\/en\/projetos\/apoio-aos-assentamentos-rurais-concluido\/\">\n\t\t\t\t\t\t<span class=\"elementor-button-content-wrapper\">\n\t\t\t\t\t\t\t\t\t<span class=\"elementor-button-text\">Saiba mais<\/span>\n\t\t\t\t\t<\/span>\n\t\t\t\t\t<\/a>\n\t\t\t\t<\/div>\n\t\t\t\t\t\t\t\t<\/div>\n\t\t\t\t<\/div>\n\t\t\t\t<\/div>\n\t\t\t\t\t<\/div>\n\t\t\t\t<\/div>\n\t\t\t\t<\/div>\n\t\t\t\t<div data-elementor-type=\"loop-item\" data-elementor-id=\"352\" class=\"elementor elementor-352 e-loop-item e-loop-item-1290 post-1290 projetos type-projetos status-publish has-post-thumbnail hentry\" data-elementor-post-type=\"elementor_library\" data-custom-edit-handle=\"1\">\n\t\t\t<div class=\"elementor-element elementor-element-a2e919d e-flex e-con-boxed e-con e-parent\" data-id=\"a2e919d\" data-element_type=\"container\" data-e-type=\"container\">\n\t\t\t\t\t<div class=\"e-con-inner\">\n\t\t\t\t<div class=\"elementor-element elementor-element-ace2217 elementor-widget__width-initial elementor-widget elementor-widget-image\" data-id=\"ace2217\" data-element_type=\"widget\" data-e-type=\"widget\" data-widget_type=\"image.default\">\n\t\t\t\t<div class=\"elementor-widget-container\">\n\t\t\t\t\t\t\t\t\t\t\t\t\t\t\t<img decoding=\"async\" src=\"https:\/\/florestaviva.org.br\/wp-content\/uploads\/2022\/12\/Projeto-corredor-ecologico-conduro01.jpg\" title=\"Projeto-corredor-ecologico-conduro01\" alt=\"Projeto-corredor-ecologico-conduro01\" loading=\"lazy\" \/>\t\t\t\t\t\t\t\t\t\t\t\t\t\t\t<\/div>\n\t\t\t\t<\/div>\n\t\t<div class=\"elementor-element elementor-element-332bfc6 e-con-full e-flex e-con e-child\" data-id=\"332bfc6\" data-element_type=\"container\" data-e-type=\"container\">\n\t\t\t\t<div class=\"elementor-element elementor-element-7fdef4a elementor-widget elementor-widget-theme-post-title elementor-page-title elementor-widget-heading\" data-id=\"7fdef4a\" data-element_type=\"widget\" data-e-type=\"widget\" data-widget_type=\"theme-post-title.default\">\n\t\t\t\t<div class=\"elementor-widget-container\">\n\t\t\t\t\t<h1 class=\"elementor-heading-title elementor-size-default\">Corredor Ecol\u00f3gico Esperan\u00e7a Conduru<\/h1>\t\t\t\t<\/div>\n\t\t\t\t<\/div>\n\t\t\t\t<div class=\"elementor-element elementor-element-25e9dbb elementor-widget elementor-widget-heading\" data-id=\"25e9dbb\" data-element_type=\"widget\" data-e-type=\"widget\" data-widget_type=\"heading.default\">\n\t\t\t\t<div class=\"elementor-widget-container\">\n\t\t\t\t\t<h2 class=\"elementor-heading-title elementor-size-default\">A iniciativa do Minist\u00e9rio do Meio Ambiente de implantar corredores ecol\u00f3gicos tem como objetivo envolver a sociedade civil e os setores p\u00fablicos e privados.<\/h2>\t\t\t\t<\/div>\n\t\t\t\t<\/div>\n\t\t\t\t<div class=\"elementor-element elementor-element-490b2a2 elementor-align-left elementor-mobile-align-left elementor-widget elementor-widget-button\" data-id=\"490b2a2\" data-element_type=\"widget\" data-e-type=\"widget\" data-widget_type=\"button.default\">\n\t\t\t\t<div class=\"elementor-widget-container\">\n\t\t\t\t\t\t\t\t\t<div class=\"elementor-button-wrapper\">\n\t\t\t\t\t<a class=\"elementor-button elementor-button-link elementor-size-sm elementor-animation-grow\" href=\"https:\/\/florestaviva.org.br\/en\/projetos\/corredor-ecologico-esperanca-conduru-concluido\/\">\n\t\t\t\t\t\t<span class=\"elementor-button-content-wrapper\">\n\t\t\t\t\t\t\t\t\t<span class=\"elementor-button-text\">Saiba mais<\/span>\n\t\t\t\t\t<\/span>\n\t\t\t\t\t<\/a>\n\t\t\t\t<\/div>\n\t\t\t\t\t\t\t\t<\/div>\n\t\t\t\t<\/div>\n\t\t\t\t<\/div>\n\t\t\t\t\t<\/div>\n\t\t\t\t<\/div>\n\t\t\t\t<\/div>\n\t\t\t\t<div data-elementor-type=\"loop-item\" data-elementor-id=\"352\" class=\"elementor elementor-352 e-loop-item e-loop-item-1303 post-1303 projetos type-projetos status-publish has-post-thumbnail hentry\" data-elementor-post-type=\"elementor_library\" data-custom-edit-handle=\"1\">\n\t\t\t<div class=\"elementor-element elementor-element-a2e919d e-flex e-con-boxed e-con e-parent\" data-id=\"a2e919d\" data-element_type=\"container\" data-e-type=\"container\">\n\t\t\t\t\t<div class=\"e-con-inner\">\n\t\t\t\t<div class=\"elementor-element elementor-element-ace2217 elementor-widget__width-initial elementor-widget elementor-widget-image\" data-id=\"ace2217\" data-element_type=\"widget\" data-e-type=\"widget\" data-widget_type=\"image.default\">\n\t\t\t\t<div class=\"elementor-widget-container\">\n\t\t\t\t\t\t\t\t\t\t\t\t\t\t\t<img decoding=\"async\" src=\"https:\/\/florestaviva.org.br\/wp-content\/uploads\/2022\/12\/Projeto-PESC01.jpg\" title=\"Projeto-PESC01\" alt=\"Projeto-PESC01\" loading=\"lazy\" \/>\t\t\t\t\t\t\t\t\t\t\t\t\t\t\t<\/div>\n\t\t\t\t<\/div>\n\t\t<div class=\"elementor-element elementor-element-332bfc6 e-con-full e-flex e-con e-child\" data-id=\"332bfc6\" data-element_type=\"container\" data-e-type=\"container\">\n\t\t\t\t<div class=\"elementor-element elementor-element-7fdef4a elementor-widget elementor-widget-theme-post-title elementor-page-title elementor-widget-heading\" data-id=\"7fdef4a\" data-element_type=\"widget\" data-e-type=\"widget\" data-widget_type=\"theme-post-title.default\">\n\t\t\t\t<div class=\"elementor-widget-container\">\n\t\t\t\t\t<h1 class=\"elementor-heading-title elementor-size-default\">Reflorestamento no PESC e regi\u00e3o<\/h1>\t\t\t\t<\/div>\n\t\t\t\t<\/div>\n\t\t\t\t<div class=\"elementor-element elementor-element-25e9dbb elementor-widget elementor-widget-heading\" data-id=\"25e9dbb\" data-element_type=\"widget\" data-e-type=\"widget\" data-widget_type=\"heading.default\">\n\t\t\t\t<div class=\"elementor-widget-container\">\n\t\t\t\t\t<h2 class=\"elementor-heading-title elementor-size-default\">Em parceria com diversos \u00f3rg\u00e3os p\u00fablicos e organiza\u00e7\u00f5es n\u00e3o-governamentais, o Floresta Viva vem trabalhando na restaura\u00e7\u00e3o de \u00e1reas degradadas dentro do Parque Estadual Serra do Conduru desde 2009.<\/h2>\t\t\t\t<\/div>\n\t\t\t\t<\/div>\n\t\t\t\t<div class=\"elementor-element elementor-element-490b2a2 elementor-align-left elementor-mobile-align-left elementor-widget elementor-widget-button\" data-id=\"490b2a2\" data-element_type=\"widget\" data-e-type=\"widget\" data-widget_type=\"button.default\">\n\t\t\t\t<div class=\"elementor-widget-container\">\n\t\t\t\t\t\t\t\t\t<div class=\"elementor-button-wrapper\">\n\t\t\t\t\t<a class=\"elementor-button elementor-button-link elementor-size-sm elementor-animation-grow\" href=\"https:\/\/florestaviva.org.br\/en\/projetos\/reflorestamento-no-pesc-e-regiao-concluido\/\">\n\t\t\t\t\t\t<span class=\"elementor-button-content-wrapper\">\n\t\t\t\t\t\t\t\t\t<span class=\"elementor-button-text\">Saiba mais<\/span>\n\t\t\t\t\t<\/span>\n\t\t\t\t\t<\/a>\n\t\t\t\t<\/div>\n\t\t\t\t\t\t\t\t<\/div>\n\t\t\t\t<\/div>\n\t\t\t\t<\/div>\n\t\t\t\t\t<\/div>\n\t\t\t\t<\/div>\n\t\t\t\t<\/div>\n\t\t\t\t<div data-elementor-type=\"loop-item\" data-elementor-id=\"352\" class=\"elementor elementor-352 e-loop-item e-loop-item-1314 post-1314 projetos type-projetos status-publish has-post-thumbnail hentry\" data-elementor-post-type=\"elementor_library\" data-custom-edit-handle=\"1\">\n\t\t\t<div class=\"elementor-element elementor-element-a2e919d e-flex e-con-boxed e-con e-parent\" data-id=\"a2e919d\" data-element_type=\"container\" data-e-type=\"container\">\n\t\t\t\t\t<div class=\"e-con-inner\">\n\t\t\t\t<div class=\"elementor-element elementor-element-ace2217 elementor-widget__width-initial elementor-widget elementor-widget-image\" data-id=\"ace2217\" data-element_type=\"widget\" data-e-type=\"widget\" data-widget_type=\"image.default\">\n\t\t\t\t<div class=\"elementor-widget-container\">\n\t\t\t\t\t\t\t\t\t\t\t\t\t\t\t<img decoding=\"async\" src=\"https:\/\/florestaviva.org.br\/wp-content\/uploads\/2022\/12\/Projeto-Apoio-Quiombola01.jpg\" title=\"Projeto-Apoio-Quiombola01\" alt=\"Projeto-Apoio-Quiombola01\" loading=\"lazy\" \/>\t\t\t\t\t\t\t\t\t\t\t\t\t\t\t<\/div>\n\t\t\t\t<\/div>\n\t\t<div class=\"elementor-element elementor-element-332bfc6 e-con-full e-flex e-con e-child\" data-id=\"332bfc6\" data-element_type=\"container\" data-e-type=\"container\">\n\t\t\t\t<div class=\"elementor-element elementor-element-7fdef4a elementor-widget elementor-widget-theme-post-title elementor-page-title elementor-widget-heading\" data-id=\"7fdef4a\" data-element_type=\"widget\" data-e-type=\"widget\" data-widget_type=\"theme-post-title.default\">\n\t\t\t\t<div class=\"elementor-widget-container\">\n\t\t\t\t\t<h1 class=\"elementor-heading-title elementor-size-default\">Apoio aos Quilombolas<\/h1>\t\t\t\t<\/div>\n\t\t\t\t<\/div>\n\t\t\t\t<div class=\"elementor-element elementor-element-25e9dbb elementor-widget elementor-widget-heading\" data-id=\"25e9dbb\" data-element_type=\"widget\" data-e-type=\"widget\" data-widget_type=\"heading.default\">\n\t\t\t\t<div class=\"elementor-widget-container\">\n\t\t\t\t\t<h2 class=\"elementor-heading-title elementor-size-default\">No per\u00edodo de 2006 a 2010, o IFV realizou o diagn\u00f3stico participativo de seis grupos em Itacar\u00e9, localizados ao longo do Rio de Contas, que contribuiu para a formaliza\u00e7\u00e3o de cinco quilombos.<\/h2>\t\t\t\t<\/div>\n\t\t\t\t<\/div>\n\t\t\t\t<div class=\"elementor-element elementor-element-490b2a2 elementor-align-left elementor-mobile-align-left elementor-widget elementor-widget-button\" data-id=\"490b2a2\" data-element_type=\"widget\" data-e-type=\"widget\" data-widget_type=\"button.default\">\n\t\t\t\t<div class=\"elementor-widget-container\">\n\t\t\t\t\t\t\t\t\t<div class=\"elementor-button-wrapper\">\n\t\t\t\t\t<a class=\"elementor-button elementor-button-link elementor-size-sm elementor-animation-grow\" href=\"https:\/\/florestaviva.org.br\/en\/projetos\/apoio-aos-quilombolas\/\">\n\t\t\t\t\t\t<span class=\"elementor-button-content-wrapper\">\n\t\t\t\t\t\t\t\t\t<span class=\"elementor-button-text\">Saiba mais<\/span>\n\t\t\t\t\t<\/span>\n\t\t\t\t\t<\/a>\n\t\t\t\t<\/div>\n\t\t\t\t\t\t\t\t<\/div>\n\t\t\t\t<\/div>\n\t\t\t\t<\/div>\n\t\t\t\t\t<\/div>\n\t\t\t\t<\/div>\n\t\t\t\t<\/div>\n\t\t\t\t<\/div>\n\t\t\n\t\t\t\t<div class=\"e-load-more-anchor\" data-page=\"1\" data-max-page=\"2\" data-next-page=\"https:\/\/florestaviva.org.br\/en\/wp-json\/wp\/v2\/pages\/347\/page\/2\/\"><\/div>\n\t\t\t\t<nav class=\"elementor-pagination\" aria-label=\"Pagination\">\n\t\t\t<span aria-current=\"page\" class=\"page-numbers current\"><span class=\"elementor-screen-only\">Page<\/span>1<\/span>\n<a class=\"page-numbers\" href=\"https:\/\/florestaviva.org.br\/en\/wp-json\/wp\/v2\/pages\/347\/page\/2\/\"><span class=\"elementor-screen-only\">Page<\/span>2<\/a>\t\t<\/nav>\n\t\t\t\t\t\t<\/div>\n\t\t\t\t<\/div>\n\t\t\t\t\t<\/div>\n\t\t<\/div>\n\t\t\t\t\t<\/div>\n\t\t<\/section>\n\t\t\t\t<section class=\"elementor-section elementor-top-section elementor-element elementor-element-26ff69e elementor-section-boxed elementor-section-height-default elementor-section-height-default\" data-id=\"26ff69e\" data-element_type=\"section\" data-e-type=\"section\" data-settings=\"{&quot;background_background&quot;:&quot;classic&quot;,&quot;shape_divider_top_negative&quot;:&quot;yes&quot;,&quot;shape_divider_top&quot;:&quot;waves&quot;}\">\n\t\t\t\t\t<div class=\"elementor-shape elementor-shape-top\" aria-hidden=\"true\" data-negative=\"true\">\n\t\t\t<svg xmlns=\"http:\/\/www.w3.org\/2000\/svg\" viewBox=\"0 0 1000 100\" preserveAspectRatio=\"none\">\n\t<path class=\"elementor-shape-fill\" d=\"M790.5,93.1c-59.3-5.3-116.8-18-192.6-50c-29.6-12.7-76.9-31-100.5-35.9c-23.6-4.9-52.6-7.8-75.5-5.3\n\tc-10.2,1.1-22.6,1.4-50.1,7.4c-27.2,6.3-58.2,16.6-79.4,24.7c-41.3,15.9-94.9,21.9-134,22.6C72,58.2,0,25.8,0,25.8V100h1000V65.3\n\tc0,0-51.5,19.4-106.2,25.7C839.5,97,814.1,95.2,790.5,93.1z\"\/>\n<\/svg>\t\t<\/div>\n\t\t\t\t\t<div class=\"elementor-container elementor-column-gap-default\">\n\t\t\t\t\t<div class=\"elementor-column elementor-col-100 elementor-top-column elementor-element elementor-element-0a8cae6\" data-id=\"0a8cae6\" data-element_type=\"column\" data-e-type=\"column\">\n\t\t\t<div class=\"elementor-widget-wrap elementor-element-populated\">\n\t\t\t\t\t\t<div class=\"elementor-element elementor-element-4020bcd elementor-widget elementor-widget-heading\" data-id=\"4020bcd\" data-element_type=\"widget\" data-e-type=\"widget\" data-widget_type=\"heading.default\">\n\t\t\t\t<div class=\"elementor-widget-container\">\n\t\t\t\t\t<h2 class=\"elementor-heading-title elementor-size-default\">Colabore com o Floresta Viva<\/h2>\t\t\t\t<\/div>\n\t\t\t\t<\/div>\n\t\t\t\t<div class=\"elementor-element elementor-element-59d18e2 elementor-widget elementor-widget-heading\" data-id=\"59d18e2\" data-element_type=\"widget\" data-e-type=\"widget\" data-widget_type=\"heading.default\">\n\t\t\t\t<div class=\"elementor-widget-container\">\n\t\t\t\t\t<h2 class=\"elementor-heading-title elementor-size-default\">Contribua para a preserva\u00e7\u00e3o e desenvolvimento \nde um dos biomas mais importantes<br>\ne necess\u00e1rio para o Brasil e para o mundo.\n<\/h2>\t\t\t\t<\/div>\n\t\t\t\t<\/div>\n\t\t\t\t<div class=\"elementor-element elementor-element-b855df4 elementor-align-center elementor-widget elementor-widget-button\" data-id=\"b855df4\" data-element_type=\"widget\" data-e-type=\"widget\" data-widget_type=\"button.default\">\n\t\t\t\t<div class=\"elementor-widget-container\">\n\t\t\t\t\t\t\t\t\t<div class=\"elementor-button-wrapper\">\n\t\t\t\t\t<a class=\"elementor-button elementor-button-link elementor-size-sm elementor-animation-grow\" href=\"#\">\n\t\t\t\t\t\t<span class=\"elementor-button-content-wrapper\">\n\t\t\t\t\t\t\t\t\t<span class=\"elementor-button-text\">Clique para doar<\/span>\n\t\t\t\t\t<\/span>\n\t\t\t\t\t<\/a>\n\t\t\t\t<\/div>\n\t\t\t\t\t\t\t\t<\/div>\n\t\t\t\t<\/div>\n\t\t\t\t\t<\/div>\n\t\t<\/div>\n\t\t\t\t\t<\/div>\n\t\t<\/section>\n\t\t\t\t<section class=\"elementor-section elementor-top-section elementor-element elementor-element-656acaf elementor-section-boxed elementor-section-height-default elementor-section-height-default\" data-id=\"656acaf\" data-element_type=\"section\" data-e-type=\"section\">\n\t\t\t\t\t\t<div class=\"elementor-container elementor-column-gap-default\">\n\t\t\t\t\t<div class=\"elementor-column elementor-col-100 elementor-top-column elementor-element elementor-element-6865095\" data-id=\"6865095\" data-element_type=\"column\" data-e-type=\"column\">\n\t\t\t<div class=\"elementor-widget-wrap elementor-element-populated\">\n\t\t\t\t\t\t<section class=\"elementor-section elementor-inner-section elementor-element elementor-element-e843d3c elementor-section-boxed elementor-section-height-default elementor-section-height-default\" data-id=\"e843d3c\" data-element_type=\"section\" data-e-type=\"section\">\n\t\t\t\t\t\t<div class=\"elementor-container elementor-column-gap-default\">\n\t\t\t\t\t<div class=\"elementor-column elementor-col-33 elementor-inner-column elementor-element elementor-element-6708d9c\" data-id=\"6708d9c\" data-element_type=\"column\" data-e-type=\"column\">\n\t\t\t<div class=\"elementor-widget-wrap elementor-element-populated\">\n\t\t\t\t\t\t<div class=\"elementor-element elementor-element-1d192d2 elementor-widget elementor-widget-image\" data-id=\"1d192d2\" data-element_type=\"widget\" data-e-type=\"widget\" data-widget_type=\"image.default\">\n\t\t\t\t<div class=\"elementor-widget-container\">\n\t\t\t\t\t\t\t\t\t\t\t\t\t\t\t<img decoding=\"async\" width=\"127\" height=\"119\" src=\"https:\/\/florestaviva.org.br\/wp-content\/uploads\/2022\/11\/ico-colabore-01.png\" class=\"elementor-animation-grow attachment-full size-full wp-image-122\" alt=\"\" \/>\t\t\t\t\t\t\t\t\t\t\t\t\t\t\t<\/div>\n\t\t\t\t<\/div>\n\t\t\t\t<div class=\"elementor-element elementor-element-02c5b6f elementor-widget elementor-widget-heading\" data-id=\"02c5b6f\" data-element_type=\"widget\" data-e-type=\"widget\" data-widget_type=\"heading.default\">\n\t\t\t\t<div class=\"elementor-widget-container\">\n\t\t\t\t\t<h2 class=\"elementor-heading-title elementor-size-default\">Doe Sementes,<br>\nmateriais e equipamentos<br>\npara nossas atividades.<\/h2>\t\t\t\t<\/div>\n\t\t\t\t<\/div>\n\t\t\t\t\t<\/div>\n\t\t<\/div>\n\t\t\t\t<div class=\"elementor-column elementor-col-33 elementor-inner-column elementor-element elementor-element-d7af339\" data-id=\"d7af339\" data-element_type=\"column\" data-e-type=\"column\">\n\t\t\t<div class=\"elementor-widget-wrap elementor-element-populated\">\n\t\t\t\t\t\t<div class=\"elementor-element elementor-element-790de95 elementor-widget elementor-widget-image\" data-id=\"790de95\" data-element_type=\"widget\" data-e-type=\"widget\" data-widget_type=\"image.default\">\n\t\t\t\t<div class=\"elementor-widget-container\">\n\t\t\t\t\t\t\t\t\t\t\t\t\t\t\t<img decoding=\"async\" width=\"127\" height=\"119\" src=\"https:\/\/florestaviva.org.br\/wp-content\/uploads\/2022\/11\/ico-colabore-02.png\" class=\"elementor-animation-grow attachment-full size-full wp-image-123\" alt=\"\" \/>\t\t\t\t\t\t\t\t\t\t\t\t\t\t\t<\/div>\n\t\t\t\t<\/div>\n\t\t\t\t<div class=\"elementor-element elementor-element-9421b07 elementor-widget elementor-widget-heading\" data-id=\"9421b07\" data-element_type=\"widget\" data-e-type=\"widget\" data-widget_type=\"heading.default\">\n\t\t\t\t<div class=\"elementor-widget-container\">\n\t\t\t\t\t<h2 class=\"elementor-heading-title elementor-size-default\">Doe seu tempo.<br>\nSaiba com ser um volunt\u00e1rio<br>\nno Floresta Viva.<\/h2>\t\t\t\t<\/div>\n\t\t\t\t<\/div>\n\t\t\t\t\t<\/div>\n\t\t<\/div>\n\t\t\t\t<div class=\"elementor-column elementor-col-33 elementor-inner-column elementor-element elementor-element-5a76856\" data-id=\"5a76856\" data-element_type=\"column\" data-e-type=\"column\">\n\t\t\t<div class=\"elementor-widget-wrap elementor-element-populated\">\n\t\t\t\t\t\t<div class=\"elementor-element elementor-element-da285c2 elementor-widget elementor-widget-image\" data-id=\"da285c2\" data-element_type=\"widget\" data-e-type=\"widget\" data-widget_type=\"image.default\">\n\t\t\t\t<div class=\"elementor-widget-container\">\n\t\t\t\t\t\t\t\t\t\t\t\t\t\t\t<img decoding=\"async\" width=\"127\" height=\"119\" src=\"https:\/\/florestaviva.org.br\/wp-content\/uploads\/2022\/11\/ico-colabore-03.png\" class=\"elementor-animation-grow attachment-full size-full wp-image-121\" alt=\"\" \/>\t\t\t\t\t\t\t\t\t\t\t\t\t\t\t<\/div>\n\t\t\t\t<\/div>\n\t\t\t\t<div class=\"elementor-element elementor-element-63a421c elementor-widget elementor-widget-heading\" data-id=\"63a421c\" data-element_type=\"widget\" data-e-type=\"widget\" data-widget_type=\"heading.default\">\n\t\t\t\t<div class=\"elementor-widget-container\">\n\t\t\t\t\t<h2 class=\"elementor-heading-title elementor-size-default\">Doe Recursos.<br>\nSua ajuda ser\u00e1 direcionada<br>\n\u00e0s necessidades priorit\u00e1rias.<\/h2>\t\t\t\t<\/div>\n\t\t\t\t<\/div>\n\t\t\t\t\t<\/div>\n\t\t<\/div>\n\t\t\t\t\t<\/div>\n\t\t<\/section>\n\t\t\t\t\t<\/div>\n\t\t<\/div>\n\t\t\t\t\t<\/div>\n\t\t<\/section>\n\t\t\t\t<\/div>\n\t\t","protected":false},"excerpt":{"rendered":"<p>Projetos Saiba como o Floresta Viva vem constantemente melhorando a realidade da regi\u00e3o atrav\u00e9s de projetos sustent\u00e1veis que mobilizam a popula\u00e7\u00e3o local, empresas, org\u00e3os p\u00fablicos e volunt\u00e1rios. Colabore com o Floresta Viva Contribua para a preserva\u00e7\u00e3o e desenvolvimento de um dos biomas mais importantes e necess\u00e1rio para o Brasil e para o mundo. Clique para [&hellip;]<\/p>\n","protected":false},"author":1,"featured_media":0,"parent":0,"menu_order":0,"comment_status":"closed","ping_status":"closed","template":"","meta":{"_acf_changed":false,"footnotes":""},"class_list":["post-347","page","type-page","status-publish","hentry"],"acf":[],"yoast_head":"<!-- This site is optimized with the Yoast SEO plugin v27.5 - https:\/\/yoast.com\/product\/yoast-seo-wordpress\/ -->\n<title>Projetos - Floresta Viva<\/title>\n<meta name=\"robots\" content=\"index, follow, max-snippet:-1, max-image-preview:large, max-video-preview:-1\" \/>\n<link rel=\"canonical\" href=\"https:\/\/florestaviva.org.br\/en\/projeto\/\" \/>\n<meta property=\"og:locale\" content=\"en_US\" \/>\n<meta property=\"og:type\" content=\"article\" \/>\n<meta property=\"og:title\" content=\"Projetos - Floresta Viva\" \/>\n<meta property=\"og:description\" content=\"Projetos Saiba como o Floresta Viva vem constantemente melhorando a realidade da regi\u00e3o atrav\u00e9s de projetos sustent\u00e1veis que mobilizam a popula\u00e7\u00e3o local, empresas, org\u00e3os p\u00fablicos e volunt\u00e1rios. Colabore com o Floresta Viva Contribua para a preserva\u00e7\u00e3o e desenvolvimento de um dos biomas mais importantes e necess\u00e1rio para o Brasil e para o mundo. Clique para [&hellip;]\" \/>\n<meta property=\"og:url\" content=\"https:\/\/florestaviva.org.br\/en\/projeto\/\" \/>\n<meta property=\"og:site_name\" content=\"Floresta Viva\" \/>\n<meta property=\"article:modified_time\" content=\"2025-04-29T14:52:29+00:00\" \/>\n<meta property=\"og:image\" content=\"http:\/\/florestaviva.org.br\/wp-content\/uploads\/2022\/11\/ico-colabore-01.png\" \/>\n<meta name=\"twitter:card\" content=\"summary_large_image\" \/>\n<meta name=\"twitter:label1\" content=\"Est. reading time\" \/>\n\t<meta name=\"twitter:data1\" content=\"9 minutes\" \/>\n<script type=\"application\/ld+json\" class=\"yoast-schema-graph\">{\"@context\":\"https:\\\/\\\/schema.org\",\"@graph\":[{\"@type\":\"WebPage\",\"@id\":\"https:\\\/\\\/florestaviva.org.br\\\/projeto\\\/\",\"url\":\"https:\\\/\\\/florestaviva.org.br\\\/projeto\\\/\",\"name\":\"Projetos - Floresta Viva\",\"isPartOf\":{\"@id\":\"https:\\\/\\\/florestaviva.org.br\\\/#website\"},\"primaryImageOfPage\":{\"@id\":\"https:\\\/\\\/florestaviva.org.br\\\/projeto\\\/#primaryimage\"},\"image\":{\"@id\":\"https:\\\/\\\/florestaviva.org.br\\\/projeto\\\/#primaryimage\"},\"thumbnailUrl\":\"http:\\\/\\\/florestaviva.org.br\\\/wp-content\\\/uploads\\\/2022\\\/11\\\/ico-colabore-01.png\",\"datePublished\":\"2022-11-11T18:00:31+00:00\",\"dateModified\":\"2025-04-29T14:52:29+00:00\",\"breadcrumb\":{\"@id\":\"https:\\\/\\\/florestaviva.org.br\\\/projeto\\\/#breadcrumb\"},\"inLanguage\":\"en-US\",\"potentialAction\":[{\"@type\":\"ReadAction\",\"target\":[\"https:\\\/\\\/florestaviva.org.br\\\/projeto\\\/\"]}]},{\"@type\":\"ImageObject\",\"inLanguage\":\"en-US\",\"@id\":\"https:\\\/\\\/florestaviva.org.br\\\/projeto\\\/#primaryimage\",\"url\":\"http:\\\/\\\/florestaviva.org.br\\\/wp-content\\\/uploads\\\/2022\\\/11\\\/ico-colabore-01.png\",\"contentUrl\":\"http:\\\/\\\/florestaviva.org.br\\\/wp-content\\\/uploads\\\/2022\\\/11\\\/ico-colabore-01.png\"},{\"@type\":\"BreadcrumbList\",\"@id\":\"https:\\\/\\\/florestaviva.org.br\\\/projeto\\\/#breadcrumb\",\"itemListElement\":[{\"@type\":\"ListItem\",\"position\":1,\"name\":\"In\u00edcio\",\"item\":\"https:\\\/\\\/florestaviva.org.br\\\/\"},{\"@type\":\"ListItem\",\"position\":2,\"name\":\"Projetos\"}]},{\"@type\":\"WebSite\",\"@id\":\"https:\\\/\\\/florestaviva.org.br\\\/#website\",\"url\":\"https:\\\/\\\/florestaviva.org.br\\\/\",\"name\":\"Floresta Viva\",\"description\":\"Site do Instituto Floresta Viva\",\"publisher\":{\"@id\":\"https:\\\/\\\/florestaviva.org.br\\\/#organization\"},\"potentialAction\":[{\"@type\":\"SearchAction\",\"target\":{\"@type\":\"EntryPoint\",\"urlTemplate\":\"https:\\\/\\\/florestaviva.org.br\\\/?s={search_term_string}\"},\"query-input\":{\"@type\":\"PropertyValueSpecification\",\"valueRequired\":true,\"valueName\":\"search_term_string\"}}],\"inLanguage\":\"en-US\"},{\"@type\":\"Organization\",\"@id\":\"https:\\\/\\\/florestaviva.org.br\\\/#organization\",\"name\":\"Floresta Viva\",\"url\":\"https:\\\/\\\/florestaviva.org.br\\\/\",\"logo\":{\"@type\":\"ImageObject\",\"inLanguage\":\"en-US\",\"@id\":\"https:\\\/\\\/florestaviva.org.br\\\/#\\\/schema\\\/logo\\\/image\\\/\",\"url\":\"https:\\\/\\\/florestaviva.org.br\\\/wp-content\\\/uploads\\\/2022\\\/12\\\/cropped-fav-icon-floresta.png\",\"contentUrl\":\"https:\\\/\\\/florestaviva.org.br\\\/wp-content\\\/uploads\\\/2022\\\/12\\\/cropped-fav-icon-floresta.png\",\"width\":512,\"height\":512,\"caption\":\"Floresta Viva\"},\"image\":{\"@id\":\"https:\\\/\\\/florestaviva.org.br\\\/#\\\/schema\\\/logo\\\/image\\\/\"},\"sameAs\":[\"https:\\\/\\\/www.instagram.com\\\/institutoflorestaviva\\\/\"]}]}<\/script>\n<!-- \/ Yoast SEO plugin. -->","yoast_head_json":{"title":"Projetos - Floresta Viva","robots":{"index":"index","follow":"follow","max-snippet":"max-snippet:-1","max-image-preview":"max-image-preview:large","max-video-preview":"max-video-preview:-1"},"canonical":"https:\/\/florestaviva.org.br\/en\/projeto\/","og_locale":"en_US","og_type":"article","og_title":"Projetos - Floresta Viva","og_description":"Projetos Saiba como o Floresta Viva vem constantemente melhorando a realidade da regi\u00e3o atrav\u00e9s de projetos sustent\u00e1veis que mobilizam a popula\u00e7\u00e3o local, empresas, org\u00e3os p\u00fablicos e volunt\u00e1rios. Colabore com o Floresta Viva Contribua para a preserva\u00e7\u00e3o e desenvolvimento de um dos biomas mais importantes e necess\u00e1rio para o Brasil e para o mundo. Clique para [&hellip;]","og_url":"https:\/\/florestaviva.org.br\/en\/projeto\/","og_site_name":"Floresta Viva","article_modified_time":"2025-04-29T14:52:29+00:00","og_image":[{"url":"http:\/\/florestaviva.org.br\/wp-content\/uploads\/2022\/11\/ico-colabore-01.png","type":"","width":"","height":""}],"twitter_card":"summary_large_image","twitter_misc":{"Est. reading time":"9 minutes"},"schema":{"@context":"https:\/\/schema.org","@graph":[{"@type":"WebPage","@id":"https:\/\/florestaviva.org.br\/projeto\/","url":"https:\/\/florestaviva.org.br\/projeto\/","name":"Projetos - Floresta Viva","isPartOf":{"@id":"https:\/\/florestaviva.org.br\/#website"},"primaryImageOfPage":{"@id":"https:\/\/florestaviva.org.br\/projeto\/#primaryimage"},"image":{"@id":"https:\/\/florestaviva.org.br\/projeto\/#primaryimage"},"thumbnailUrl":"http:\/\/florestaviva.org.br\/wp-content\/uploads\/2022\/11\/ico-colabore-01.png","datePublished":"2022-11-11T18:00:31+00:00","dateModified":"2025-04-29T14:52:29+00:00","breadcrumb":{"@id":"https:\/\/florestaviva.org.br\/projeto\/#breadcrumb"},"inLanguage":"en-US","potentialAction":[{"@type":"ReadAction","target":["https:\/\/florestaviva.org.br\/projeto\/"]}]},{"@type":"ImageObject","inLanguage":"en-US","@id":"https:\/\/florestaviva.org.br\/projeto\/#primaryimage","url":"http:\/\/florestaviva.org.br\/wp-content\/uploads\/2022\/11\/ico-colabore-01.png","contentUrl":"http:\/\/florestaviva.org.br\/wp-content\/uploads\/2022\/11\/ico-colabore-01.png"},{"@type":"BreadcrumbList","@id":"https:\/\/florestaviva.org.br\/projeto\/#breadcrumb","itemListElement":[{"@type":"ListItem","position":1,"name":"In\u00edcio","item":"https:\/\/florestaviva.org.br\/"},{"@type":"ListItem","position":2,"name":"Projetos"}]},{"@type":"WebSite","@id":"https:\/\/florestaviva.org.br\/#website","url":"https:\/\/florestaviva.org.br\/","name":"Floresta Viva","description":"Site do Instituto Floresta Viva","publisher":{"@id":"https:\/\/florestaviva.org.br\/#organization"},"potentialAction":[{"@type":"SearchAction","target":{"@type":"EntryPoint","urlTemplate":"https:\/\/florestaviva.org.br\/?s={search_term_string}"},"query-input":{"@type":"PropertyValueSpecification","valueRequired":true,"valueName":"search_term_string"}}],"inLanguage":"en-US"},{"@type":"Organization","@id":"https:\/\/florestaviva.org.br\/#organization","name":"Floresta Viva","url":"https:\/\/florestaviva.org.br\/","logo":{"@type":"ImageObject","inLanguage":"en-US","@id":"https:\/\/florestaviva.org.br\/#\/schema\/logo\/image\/","url":"https:\/\/florestaviva.org.br\/wp-content\/uploads\/2022\/12\/cropped-fav-icon-floresta.png","contentUrl":"https:\/\/florestaviva.org.br\/wp-content\/uploads\/2022\/12\/cropped-fav-icon-floresta.png","width":512,"height":512,"caption":"Floresta Viva"},"image":{"@id":"https:\/\/florestaviva.org.br\/#\/schema\/logo\/image\/"},"sameAs":["https:\/\/www.instagram.com\/institutoflorestaviva\/"]}]}},"_links":{"self":[{"href":"https:\/\/florestaviva.org.br\/en\/wp-json\/wp\/v2\/pages\/347","targetHints":{"allow":["GET"]}}],"collection":[{"href":"https:\/\/florestaviva.org.br\/en\/wp-json\/wp\/v2\/pages"}],"about":[{"href":"https:\/\/florestaviva.org.br\/en\/wp-json\/wp\/v2\/types\/page"}],"author":[{"embeddable":true,"href":"https:\/\/florestaviva.org.br\/en\/wp-json\/wp\/v2\/users\/1"}],"replies":[{"embeddable":true,"href":"https:\/\/florestaviva.org.br\/en\/wp-json\/wp\/v2\/comments?post=347"}],"version-history":[{"count":64,"href":"https:\/\/florestaviva.org.br\/en\/wp-json\/wp\/v2\/pages\/347\/revisions"}],"predecessor-version":[{"id":2744,"href":"https:\/\/florestaviva.org.br\/en\/wp-json\/wp\/v2\/pages\/347\/revisions\/2744"}],"wp:attachment":[{"href":"https:\/\/florestaviva.org.br\/en\/wp-json\/wp\/v2\/media?parent=347"}],"curies":[{"name":"wp","href":"https:\/\/api.w.org\/{rel}","templated":true}]}}